{"id":18908,"date":"2026-06-27T22:29:36","date_gmt":"2026-06-27T20:29:36","guid":{"rendered":"https:\/\/123ole.nl\/event\/pintor-de-les-teves-flors-de-somni-la-segona-el-2026\/"},"modified":"2026-08-16T22:37:52","modified_gmt":"2026-08-16T20:37:52","slug":"pintor-de-les-teves-flors-de-somni-la-segona-el-2026","status":"publish","type":"tribe_events","link":"https:\/\/123ole.nl\/ca\/event\/pintor-de-les-teves-flors-de-somni-la-segona-el-2026\/","title":{"rendered":"Pintor de les teves flors de somni"},"content":{"rendered":"<div dir=\"ltr\" data-originalfontsize=\"16px\" data-originalcomputedfontsize=\"16\">\n<p class=\"PDq2pG_selectionAnchorContainer\" data-start=\"5426\" data-end=\"5599\">Deixa\u2019t inspirar pel color, el sol i la creativitat durant un viatge de pintura ple de color a la meravellosa Espanya. Et convidem a deixar florir l\u2019artista que portes dins.<\/p>\n<h4 data-start=\"5601\" data-end=\"5638\">Matins plens d\u2019inspiraci\u00f3 i color<\/h4>\n<p data-start=\"5640\" data-end=\"5892\">Cada mat\u00ed ens submergirem en un m\u00f3n de pintura, paper, llapis i collage. Pintarem, dibuixarem, retallarem i enganxarem amb un objectiu: donar vida a les teves flors somiades sobre el llen\u00e7. No cal tenir experi\u00e8ncia, nom\u00e9s un cor obert i ganes de crear.<\/p>\n<h4 data-start=\"5894\" data-end=\"5922\">Tardes i vespres lliures<\/h4>\n<p data-start=\"5924\" data-end=\"6225\">La resta del dia \u00e9s completament teu. Descobreix el poble amb encant, continua pintant sota el sol, llegeix un llibre sota una olivera o gaudeix d\u2019una migdiada. Al vespre, ens asseurem juntes per gaudir d\u2019un delici\u00f3s \u00e0pat preparat per la nostra s\u00faper cuinera i de tot el que Can Portell t\u00e9 per oferir.<\/p>\n<h4 data-start=\"6227\" data-end=\"6250\">Qu\u00e8 hi est\u00e0 incl\u00f2s?<\/h4>\n<ul data-start=\"6252\" data-end=\"6632\">\n<li data-section-id=\"1optaml\" data-start=\"6252\" data-end=\"6330\">4 nits al B&amp;B colorit i inspirador de la Debbie (habitaci\u00f3 doble compartida)<\/li>\n<li data-section-id=\"1ral7k8\" data-start=\"6331\" data-end=\"6376\">Esmorzar, dinar i sopar deliciosos cada dia<\/li>\n<li data-section-id=\"wrdz26\" data-start=\"6377\" data-end=\"6413\">Tots els materials per als tallers<\/li>\n<li data-section-id=\"ez8g7a\" data-start=\"6414\" data-end=\"6632\">Possibilitat d\u2019una habitaci\u00f3 privada amb bany privat o compartit (amb suplement): 35 \u20ac per persona i nit per una habitaci\u00f3 privada amb bany compartit i 50 \u20ac per persona i nit per una habitaci\u00f3 privada amb bany privat<\/li>\n<\/ul>\n<h4 data-start=\"6634\" data-end=\"6648\">Per a qui?<\/h4>\n<p data-start=\"6650\" data-end=\"6827\">Per a tothom qui desitgi creativitat, connexi\u00f3 i una bona dosi de sol. Tant si ets una artista amb experi\u00e8ncia com si \u00e9s la primera vegada que agafes un pinzell, ets benvinguda.<\/p>\n<p data-start=\"6829\" data-end=\"6982\">Deixa parlar el teu cor, crea amb les teves mans i gaudeix amb tots els sentits. No ser\u00e0 un retir qualsevol, sin\u00f3 un homenatge ple de color a tu mateixa.<\/p>\n<h4 data-start=\"6984\" data-end=\"6997\">No incl\u00f2s<\/h4>\n<p data-start=\"6999\" data-end=\"7110\">Transport fins a Espanya i durant l\u2019estada. Si hi ha prou inter\u00e8s, podem ajudar a organitzar cotxes compartits.<\/p>\n<h4 data-start=\"7112\" data-end=\"7140\">Com m\u00e9s color, millor&#8230;<\/h4>\n<p data-start=\"7142\" data-end=\"7316\">\u2026i, si pot ser, amb una bona dosi de sol. Aquest \u00e9s un dels meus lemes i per aix\u00f2 crec que la connexi\u00f3 amb la Debbie i, per tant, amb Can Portell, \u00e9s una combinaci\u00f3 perfecta!<\/p>\n<p data-start=\"7318\" data-end=\"7439\">Sempre pinto des del cor, sense cap pla predeterminat. Em deixo guiar per la inspiraci\u00f3 que m\u2019envolta i pel mateix llen\u00e7.<\/p>\n<p data-start=\"7441\" data-end=\"7533\">Com a artista autodidacta, un altre dels meus lemes \u00e9s: <strong data-start=\"7497\" data-end=\"7533\">si jo puc fer-ho, tu tamb\u00e9 pots!<\/strong><\/p>\n<p data-start=\"7535\" data-end=\"7952\">En realitat, no \u00e9s nom\u00e9s un lema, sin\u00f3 tamb\u00e9 una promesa. Un dels meus moments preferits durant els meus tallers \u00e9s quan alg\u00fa arriba amb una mica de recel dient: \u00abJo vinc per l\u2019experi\u00e8ncia\/el bon ambient\u00bb, i al final contempla la seva pr\u00f2pia obra d\u2019art amb sorpresa i orgull. No puc esperar a viure aquest moment sota el sol espanyol, al preci\u00f3s B&amp;B de la Debbie, i embarcar-nos juntes en una aventura plena de color.<\/p>\n<h4 data-start=\"7954\" data-end=\"7970\">Inscripcions<\/h4>\n<p data-start=\"7972\" data-end=\"8036\">T\u2019hi animes? Inscriu-te a: <a href=\"https:\/\/123ole.nl\/ca\/contacte\/\">https:\/\/123ole.nl\/ca\/contacte\/<\/a><\/p>\n<\/div>\n","protected":false},"excerpt":{"rendered":"<p>Deixa\u2019t inspirar pel color, el sol i la creativitat durant un viatge de pintura ple de color. Et convidem a deixar florir l\u2019artista que portes dins.<\/p>\n","protected":false},"author":3,"featured_media":21014,"template":"","meta":{"_acf_changed":false,"_tribe_events_status":"","_tribe_events_status_reason":"","_tribe_events_is_hybrid":"","_tribe_events_is_virtual":"","_tribe_events_virtual_video_source":"","_tribe_events_virtual_embed_video":"","_tribe_events_virtual_linked_button_text":"","_tribe_events_virtual_linked_button":"","_tribe_events_virtual_show_embed_at":"","_tribe_events_virtual_show_embed_to":[],"_tribe_events_virtual_show_on_event":"","_tribe_events_virtual_show_on_views":"","_tribe_events_virtual_url":"","footnotes":""},"tags":[],"tribe_events_cat":[48],"class_list":["post-18908","tribe_events","type-tribe_events","status-publish","has-post-thumbnail","hentry","tribe_events_cat-esdeveniments-destacats","cat_esdeveniments-destacats"],"acf":[],"yoast_head":"<!-- This site is optimized with the Yoast SEO plugin v28.2 - https:\/\/yoast.com\/product\/yoast-seo-wordpress\/ -->\n<title>Pintor de les teves flors de somni - Can Portell &amp; Mas Ferrer by 123 Ole<\/title>\n<meta name=\"description\" content=\"Deixa\u2019t inspirar pel color, el sol i la creativitat durant un viatge de pintura ple de color. Et convidem a deixar florir l\u2019artista que portes dins.\" \/>\n<meta name=\"robots\" content=\"index, follow, max-snippet:-1, max-image-preview:large, max-video-preview:-1\" \/>\n<link rel=\"canonical\" href=\"https:\/\/123ole.nl\/ca\/event\/pintor-de-les-teves-flors-de-somni-la-segona-el-2026\/\" \/>\n<meta property=\"og:locale\" content=\"ca_ES\" \/>\n<meta property=\"og:type\" content=\"article\" \/>\n<meta property=\"og:title\" content=\"Pintor de les teves flors de somni - Can Portell &amp; Mas Ferrer by 123 Ole\" \/>\n<meta property=\"og:description\" content=\"Deixa\u2019t inspirar pel color, el sol i la creativitat durant un viatge de pintura ple de color. Et convidem a deixar florir l\u2019artista que portes dins.\" \/>\n<meta property=\"og:url\" content=\"https:\/\/123ole.nl\/ca\/event\/pintor-de-les-teves-flors-de-somni-la-segona-el-2026\/\" \/>\n<meta property=\"og:site_name\" content=\"Can Portell &amp; Mas Ferrer by 123 Ole\" \/>\n<meta property=\"article:modified_time\" content=\"2026-08-16T20:37:52+00:00\" \/>\n<meta property=\"og:image\" content=\"https:\/\/123ole.nl\/wp-content\/uploads\/2026\/06\/Mixed-Media.webp\" \/>\n\t<meta property=\"og:image:width\" content=\"2048\" \/>\n\t<meta property=\"og:image:height\" content=\"2048\" \/>\n\t<meta property=\"og:image:type\" content=\"image\/webp\" \/>\n<meta name=\"twitter:card\" content=\"summary_large_image\" \/>\n<meta name=\"twitter:label1\" content=\"Temps estimat de lectura\" \/>\n\t<meta name=\"twitter:data1\" content=\"3 minuts\" \/>\n<script type=\"application\/ld+json\" class=\"yoast-schema-graph\">{\"@context\":\"https:\\\/\\\/schema.org\",\"@graph\":[{\"@type\":\"WebPage\",\"@id\":\"https:\\\/\\\/123ole.nl\\\/ca\\\/event\\\/pintor-de-les-teves-flors-de-somni-la-segona-el-2026\\\/\",\"url\":\"https:\\\/\\\/123ole.nl\\\/ca\\\/event\\\/pintor-de-les-teves-flors-de-somni-la-segona-el-2026\\\/\",\"name\":\"Pintor de les teves flors de somni - Can Portell &amp; Mas Ferrer by 123 Ole\",\"isPartOf\":{\"@id\":\"https:\\\/\\\/123ole.nl\\\/ca\\\/#website\"},\"primaryImageOfPage\":{\"@id\":\"https:\\\/\\\/123ole.nl\\\/ca\\\/event\\\/pintor-de-les-teves-flors-de-somni-la-segona-el-2026\\\/#primaryimage\"},\"image\":{\"@id\":\"https:\\\/\\\/123ole.nl\\\/ca\\\/event\\\/pintor-de-les-teves-flors-de-somni-la-segona-el-2026\\\/#primaryimage\"},\"thumbnailUrl\":\"https:\\\/\\\/123ole.nl\\\/wp-content\\\/uploads\\\/2026\\\/06\\\/Mixed-Media.webp\",\"datePublished\":\"2026-06-27T20:29:36+00:00\",\"dateModified\":\"2026-08-16T20:37:52+00:00\",\"description\":\"Deixa\u2019t inspirar pel color, el sol i la creativitat durant un viatge de pintura ple de color. Et convidem a deixar florir l\u2019artista que portes dins.\",\"breadcrumb\":{\"@id\":\"https:\\\/\\\/123ole.nl\\\/ca\\\/event\\\/pintor-de-les-teves-flors-de-somni-la-segona-el-2026\\\/#breadcrumb\"},\"inLanguage\":\"ca\",\"potentialAction\":[{\"@type\":\"ReadAction\",\"target\":[\"https:\\\/\\\/123ole.nl\\\/ca\\\/event\\\/pintor-de-les-teves-flors-de-somni-la-segona-el-2026\\\/\"]}]},{\"@type\":\"ImageObject\",\"inLanguage\":\"ca\",\"@id\":\"https:\\\/\\\/123ole.nl\\\/ca\\\/event\\\/pintor-de-les-teves-flors-de-somni-la-segona-el-2026\\\/#primaryimage\",\"url\":\"https:\\\/\\\/123ole.nl\\\/wp-content\\\/uploads\\\/2026\\\/06\\\/Mixed-Media.webp\",\"contentUrl\":\"https:\\\/\\\/123ole.nl\\\/wp-content\\\/uploads\\\/2026\\\/06\\\/Mixed-Media.webp\",\"width\":2048,\"height\":2048},{\"@type\":\"BreadcrumbList\",\"@id\":\"https:\\\/\\\/123ole.nl\\\/ca\\\/event\\\/pintor-de-les-teves-flors-de-somni-la-segona-el-2026\\\/#breadcrumb\",\"itemListElement\":[{\"@type\":\"ListItem\",\"position\":1,\"name\":\"Home\",\"item\":\"https:\\\/\\\/123ole.nl\\\/ca\\\/\"},{\"@type\":\"ListItem\",\"position\":2,\"name\":\"Esdeveniments\",\"item\":\"https:\\\/\\\/123ole.nl\\\/ca\\\/agenda\\\/\"},{\"@type\":\"ListItem\",\"position\":3,\"name\":\"Pintor de les teves flors de somni\"}]},{\"@type\":\"WebSite\",\"@id\":\"https:\\\/\\\/123ole.nl\\\/ca\\\/#website\",\"url\":\"https:\\\/\\\/123ole.nl\\\/ca\\\/\",\"name\":\"Can Portell &amp; Mas Ferrer by 123 Ole\",\"description\":\"\",\"publisher\":{\"@id\":\"https:\\\/\\\/123ole.nl\\\/ca\\\/#organization\"},\"potentialAction\":[{\"@type\":\"SearchAction\",\"target\":{\"@type\":\"EntryPoint\",\"urlTemplate\":\"https:\\\/\\\/123ole.nl\\\/ca\\\/?s={search_term_string}\"},\"query-input\":{\"@type\":\"PropertyValueSpecification\",\"valueRequired\":true,\"valueName\":\"search_term_string\"}}],\"inLanguage\":\"ca\"},{\"@type\":\"Organization\",\"@id\":\"https:\\\/\\\/123ole.nl\\\/ca\\\/#organization\",\"name\":\"Can Portell &amp; Mas Ferrer by 123 Ole\",\"url\":\"https:\\\/\\\/123ole.nl\\\/ca\\\/\",\"logo\":{\"@type\":\"ImageObject\",\"inLanguage\":\"ca\",\"@id\":\"https:\\\/\\\/123ole.nl\\\/ca\\\/#\\\/schema\\\/logo\\\/image\\\/\",\"url\":\"https:\\\/\\\/123ole.nl\\\/wp-content\\\/uploads\\\/2025\\\/10\\\/LOGO-canportell-e1765295991819.png\",\"contentUrl\":\"https:\\\/\\\/123ole.nl\\\/wp-content\\\/uploads\\\/2025\\\/10\\\/LOGO-canportell-e1765295991819.png\",\"width\":796,\"height\":393,\"caption\":\"Can Portell &amp; Mas Ferrer by 123 Ole\"},\"image\":{\"@id\":\"https:\\\/\\\/123ole.nl\\\/ca\\\/#\\\/schema\\\/logo\\\/image\\\/\"}}]}<\/script>\n<!-- \/ Yoast SEO plugin. -->","yoast_head_json":{"title":"Pintor de les teves flors de somni - Can Portell &amp; Mas Ferrer by 123 Ole","description":"Deixa\u2019t inspirar pel color, el sol i la creativitat durant un viatge de pintura ple de color. Et convidem a deixar florir l\u2019artista que portes dins.","robots":{"index":"index","follow":"follow","max-snippet":"max-snippet:-1","max-image-preview":"max-image-preview:large","max-video-preview":"max-video-preview:-1"},"canonical":"https:\/\/123ole.nl\/ca\/event\/pintor-de-les-teves-flors-de-somni-la-segona-el-2026\/","og_locale":"ca_ES","og_type":"article","og_title":"Pintor de les teves flors de somni - Can Portell &amp; Mas Ferrer by 123 Ole","og_description":"Deixa\u2019t inspirar pel color, el sol i la creativitat durant un viatge de pintura ple de color. Et convidem a deixar florir l\u2019artista que portes dins.","og_url":"https:\/\/123ole.nl\/ca\/event\/pintor-de-les-teves-flors-de-somni-la-segona-el-2026\/","og_site_name":"Can Portell &amp; Mas Ferrer by 123 Ole","article_modified_time":"2026-08-16T20:37:52+00:00","og_image":[{"width":2048,"height":2048,"url":"https:\/\/123ole.nl\/wp-content\/uploads\/2026\/06\/Mixed-Media.webp","type":"image\/webp"}],"twitter_card":"summary_large_image","twitter_misc":{"Temps estimat de lectura":"3 minuts"},"schema":{"@context":"https:\/\/schema.org","@graph":[{"@type":"WebPage","@id":"https:\/\/123ole.nl\/ca\/event\/pintor-de-les-teves-flors-de-somni-la-segona-el-2026\/","url":"https:\/\/123ole.nl\/ca\/event\/pintor-de-les-teves-flors-de-somni-la-segona-el-2026\/","name":"Pintor de les teves flors de somni - Can Portell &amp; Mas Ferrer by 123 Ole","isPartOf":{"@id":"https:\/\/123ole.nl\/ca\/#website"},"primaryImageOfPage":{"@id":"https:\/\/123ole.nl\/ca\/event\/pintor-de-les-teves-flors-de-somni-la-segona-el-2026\/#primaryimage"},"image":{"@id":"https:\/\/123ole.nl\/ca\/event\/pintor-de-les-teves-flors-de-somni-la-segona-el-2026\/#primaryimage"},"thumbnailUrl":"https:\/\/123ole.nl\/wp-content\/uploads\/2026\/06\/Mixed-Media.webp","datePublished":"2026-06-27T20:29:36+00:00","dateModified":"2026-08-16T20:37:52+00:00","description":"Deixa\u2019t inspirar pel color, el sol i la creativitat durant un viatge de pintura ple de color. Et convidem a deixar florir l\u2019artista que portes dins.","breadcrumb":{"@id":"https:\/\/123ole.nl\/ca\/event\/pintor-de-les-teves-flors-de-somni-la-segona-el-2026\/#breadcrumb"},"inLanguage":"ca","potentialAction":[{"@type":"ReadAction","target":["https:\/\/123ole.nl\/ca\/event\/pintor-de-les-teves-flors-de-somni-la-segona-el-2026\/"]}]},{"@type":"ImageObject","inLanguage":"ca","@id":"https:\/\/123ole.nl\/ca\/event\/pintor-de-les-teves-flors-de-somni-la-segona-el-2026\/#primaryimage","url":"https:\/\/123ole.nl\/wp-content\/uploads\/2026\/06\/Mixed-Media.webp","contentUrl":"https:\/\/123ole.nl\/wp-content\/uploads\/2026\/06\/Mixed-Media.webp","width":2048,"height":2048},{"@type":"BreadcrumbList","@id":"https:\/\/123ole.nl\/ca\/event\/pintor-de-les-teves-flors-de-somni-la-segona-el-2026\/#breadcrumb","itemListElement":[{"@type":"ListItem","position":1,"name":"Home","item":"https:\/\/123ole.nl\/ca\/"},{"@type":"ListItem","position":2,"name":"Esdeveniments","item":"https:\/\/123ole.nl\/ca\/agenda\/"},{"@type":"ListItem","position":3,"name":"Pintor de les teves flors de somni"}]},{"@type":"WebSite","@id":"https:\/\/123ole.nl\/ca\/#website","url":"https:\/\/123ole.nl\/ca\/","name":"Can Portell &amp; Mas Ferrer by 123 Ole","description":"","publisher":{"@id":"https:\/\/123ole.nl\/ca\/#organization"},"potentialAction":[{"@type":"SearchAction","target":{"@type":"EntryPoint","urlTemplate":"https:\/\/123ole.nl\/ca\/?s={search_term_string}"},"query-input":{"@type":"PropertyValueSpecification","valueRequired":true,"valueName":"search_term_string"}}],"inLanguage":"ca"},{"@type":"Organization","@id":"https:\/\/123ole.nl\/ca\/#organization","name":"Can Portell &amp; Mas Ferrer by 123 Ole","url":"https:\/\/123ole.nl\/ca\/","logo":{"@type":"ImageObject","inLanguage":"ca","@id":"https:\/\/123ole.nl\/ca\/#\/schema\/logo\/image\/","url":"https:\/\/123ole.nl\/wp-content\/uploads\/2025\/10\/LOGO-canportell-e1765295991819.png","contentUrl":"https:\/\/123ole.nl\/wp-content\/uploads\/2025\/10\/LOGO-canportell-e1765295991819.png","width":796,"height":393,"caption":"Can Portell &amp; Mas Ferrer by 123 Ole"},"image":{"@id":"https:\/\/123ole.nl\/ca\/#\/schema\/logo\/image\/"}}]}},"_links":{"self":[{"href":"https:\/\/123ole.nl\/ca\/wp-json\/wp\/v2\/tribe_events\/18908","targetHints":{"allow":["GET"]}}],"collection":[{"href":"https:\/\/123ole.nl\/ca\/wp-json\/wp\/v2\/tribe_events"}],"about":[{"href":"https:\/\/123ole.nl\/ca\/wp-json\/wp\/v2\/types\/tribe_events"}],"author":[{"embeddable":true,"href":"https:\/\/123ole.nl\/ca\/wp-json\/wp\/v2\/users\/3"}],"version-history":[{"count":2,"href":"https:\/\/123ole.nl\/ca\/wp-json\/wp\/v2\/tribe_events\/18908\/revisions"}],"predecessor-version":[{"id":21682,"href":"https:\/\/123ole.nl\/ca\/wp-json\/wp\/v2\/tribe_events\/18908\/revisions\/21682"}],"wp:featuredmedia":[{"embeddable":true,"href":"https:\/\/123ole.nl\/ca\/wp-json\/wp\/v2\/media\/21014"}],"wp:attachment":[{"href":"https:\/\/123ole.nl\/ca\/wp-json\/wp\/v2\/media?parent=18908"}],"wp:term":[{"taxonomy":"post_tag","embeddable":true,"href":"https:\/\/123ole.nl\/ca\/wp-json\/wp\/v2\/tags?post=18908"},{"taxonomy":"tribe_events_cat","embeddable":true,"href":"https:\/\/123ole.nl\/ca\/wp-json\/wp\/v2\/tribe_events_cat?post=18908"}],"curies":[{"name":"wp","href":"https:\/\/api.w.org\/{rel}","templated":true}]}}