{"id":18937,"date":"2026-06-27T22:29:36","date_gmt":"2026-06-27T20:29:36","guid":{"rendered":"https:\/\/123ole.nl\/event\/peins-les-fleurs-de-tes-reves-2e-edition-en-2026\/"},"modified":"2026-08-16T22:31:39","modified_gmt":"2026-08-16T20:31:39","slug":"peins-les-fleurs-de-tes-reves-2e-edition-en-2026","status":"publish","type":"tribe_events","link":"https:\/\/123ole.nl\/fr\/event\/peins-les-fleurs-de-tes-reves-2e-edition-en-2026\/","title":{"rendered":"Peins les fleurs de tes r\u00eaves"},"content":{"rendered":"<div dir=\"ltr\" data-originalfontsize=\"16px\" data-originalcomputedfontsize=\"16\">\n<p class=\"PDq2pG_selectionAnchorContainer\" data-start=\"8099\" data-end=\"8315\">Laissez-vous inspirer par les couleurs, le soleil et la cr\u00e9ativit\u00e9 lors d\u2019une retraite de peinture haute en couleur dans la magnifique Espagne. Nous vous invitons \u00e0 laisser s\u2019\u00e9panouir l\u2019artiste qui sommeille en vous.<\/p>\n<h4 data-start=\"8317\" data-end=\"8370\">Des matin\u00e9es riches en couleurs et en inspiration<\/h4>\n<p data-start=\"8372\" data-end=\"8670\">Chaque matin, nous nous immergeons dans un univers de peinture, de papier, de crayons et de collage. Nous peignons, dessinons, d\u00e9coupons et collons avec un objectif : donner vie aux fleurs de vos r\u00eaves sur la toile. Aucune exp\u00e9rience n\u2019est n\u00e9cessaire \u2013 seulement un c\u0153ur ouvert et l\u2019envie de cr\u00e9er.<\/p>\n<h4 data-start=\"8672\" data-end=\"8704\">Apr\u00e8s-midis &amp; soir\u00e9es libres<\/h4>\n<p data-start=\"8706\" data-end=\"9020\">Le reste de la journ\u00e9e vous appartient enti\u00e8rement. Explorez le charmant village, continuez \u00e0 peindre au soleil, lisez un livre sous un olivier ou profitez d\u2019une sieste. Le soir, nous nous retrouvons autour d\u2019un d\u00e9licieux repas pr\u00e9par\u00e9 par notre super cuisini\u00e8re et profitons de tout ce que Can Portell a \u00e0 offrir.<\/p>\n<h4 data-start=\"9022\" data-end=\"9043\">Ce qui est inclus<\/h4>\n<ul data-start=\"9045\" data-end=\"9483\">\n<li data-section-id=\"zi8088\" data-start=\"9045\" data-end=\"9122\">4 nuits dans le B&amp;B color\u00e9 et inspirant de Debbie (chambre double partag\u00e9e)<\/li>\n<li data-section-id=\"1z0ln1w\" data-start=\"9123\" data-end=\"9180\">Petit-d\u00e9jeuner, d\u00e9jeuner et d\u00eener d\u00e9licieux chaque jour<\/li>\n<li data-section-id=\"1vg8u9n\" data-start=\"9181\" data-end=\"9223\">Tout le mat\u00e9riel n\u00e9cessaire aux ateliers<\/li>\n<li data-section-id=\"1s8k9\" data-start=\"9224\" data-end=\"9483\">Possibilit\u00e9 d\u2019une chambre priv\u00e9e avec salle de bains priv\u00e9e ou partag\u00e9e (avec suppl\u00e9ment) : 35 \u20ac par personne et par nuit pour une chambre priv\u00e9e avec salle de bains partag\u00e9e &amp; 50 \u20ac par personne et par nuit pour une chambre priv\u00e9e avec salle de bains priv\u00e9e<\/li>\n<\/ul>\n<h4 data-start=\"9485\" data-end=\"9499\">Pour qui ?<\/h4>\n<p data-start=\"9501\" data-end=\"9727\">Pour toutes celles et ceux qui ont envie de cr\u00e9ativit\u00e9, de connexion et d\u2019une g\u00e9n\u00e9reuse dose de soleil. Que vous soyez une artiste exp\u00e9riment\u00e9e ou que vous teniez un pinceau pour la toute premi\u00e8re fois, vous \u00eates la bienvenue.<\/p>\n<p data-start=\"9729\" data-end=\"9894\">Laissez parler votre c\u0153ur, laissez vos mains cr\u00e9er et faites plaisir \u00e0 tous vos sens. Ce ne sera pas une retraite comme les autres, mais une ode color\u00e9e \u00e0 vous-m\u00eame.<\/p>\n<h4 data-start=\"9896\" data-end=\"9910\">Non inclus<\/h4>\n<p data-start=\"9912\" data-end=\"10026\">Transport jusqu\u2019en Espagne et d\u00e9placements sur place. Si besoin, nous pouvons organiser un syst\u00e8me de covoiturage.<\/p>\n<h4 data-start=\"10028\" data-end=\"10065\">Plus c\u2019est color\u00e9, mieux c\u2019est&#8230;<\/h4>\n<p data-start=\"10067\" data-end=\"10267\">\u2026et de pr\u00e9f\u00e9rence avec une bonne dose de soleil ! C\u2019est l\u2019une de mes devises et c\u2019est pourquoi je pense que mon association avec Debbie, et donc avec Can Portell, est vraiment une rencontre parfaite !<\/p>\n<p data-start=\"10269\" data-end=\"10390\">Je peins toujours avec le c\u0153ur, sans plan pr\u00e9\u00e9tabli. Je me laisse guider par l\u2019inspiration qui m\u2019entoure et par la toile.<\/p>\n<p data-start=\"10392\" data-end=\"10508\">En tant qu\u2019artiste autodidacte, une autre de mes devises est : <strong data-start=\"10455\" data-end=\"10508\">si je peux le faire, vous pouvez le faire aussi !<\/strong><\/p>\n<p data-start=\"10510\" data-end=\"10968\">En r\u00e9alit\u00e9, ce n\u2019est pas seulement une devise, mais aussi une promesse. L\u2019un de mes moments pr\u00e9f\u00e9r\u00e9s pendant mes ateliers est celui o\u00f9 une personne arrive avec un peu de scepticisme en disant : \u00ab Je viens pour l\u2019exp\u00e9rience\/la convivialit\u00e9 \u00bb, puis, \u00e0 la fin, regarde sa propre \u0153uvre avec \u00e9merveillement et fiert\u00e9. J\u2019ai h\u00e2te de vivre ce moment sous le soleil espagnol, dans le magnifique B&amp;B de Debbie, et de partir ensemble pour une aventure haute en couleur.<\/p>\n<h4 data-start=\"10970\" data-end=\"10986\">Inscriptions<\/h4>\n<p data-start=\"10988\" data-end=\"11082\" data-is-last-node=\"\" data-is-only-node=\"\">Vous avez envie de nous rejoindre ? Inscrivez-vous via : <a href=\"https:\/\/123ole.nl\/fr\/contact\/\">https:\/\/123ole.nl\/fr\/contact\/<\/a><\/p>\n<\/div>\n","protected":false},"excerpt":{"rendered":"<p>Laissez-vous inspirer par les couleurs, le soleil et la cr\u00e9ativit\u00e9 lors d\u2019une retraite de peinture haute en couleur dans la magnifique Espagne. Nous vous invitons \u00e0 laisser s\u2019\u00e9panouir l\u2019artiste qui sommeille en vous.<\/p>\n","protected":false},"author":3,"featured_media":21017,"template":"","meta":{"_acf_changed":false,"_tribe_events_status":"","_tribe_events_status_reason":"","_tribe_events_is_hybrid":"","_tribe_events_is_virtual":"","_tribe_events_virtual_video_source":"","_tribe_events_virtual_embed_video":"","_tribe_events_virtual_linked_button_text":"","_tribe_events_virtual_linked_button":"","_tribe_events_virtual_show_embed_at":"","_tribe_events_virtual_show_embed_to":[],"_tribe_events_virtual_show_on_event":"","_tribe_events_virtual_show_on_views":"","_tribe_events_virtual_url":"","footnotes":""},"tags":[],"tribe_events_cat":[50],"class_list":["post-18937","tribe_events","type-tribe_events","status-publish","has-post-thumbnail","hentry","tribe_events_cat-featured-events","cat_featured-events"],"acf":[],"yoast_head":"<!-- This site is optimized with the Yoast SEO plugin v28.2 - https:\/\/yoast.com\/product\/yoast-seo-wordpress\/ -->\n<title>Peins les fleurs de tes r\u00eaves - Can Portell &amp; Mas Ferrer by 123 Ole<\/title>\n<meta name=\"description\" content=\"Laissez-vous inspirer par les couleurs, le soleil et la cr\u00e9ativit\u00e9 lors d\u2019une retraite de peinture haute en couleur dans la magnifique Espagne. Nous vous invitons \u00e0 laisser s\u2019\u00e9panouir l\u2019artiste qui sommeille en vous.\" \/>\n<meta name=\"robots\" content=\"index, follow, max-snippet:-1, max-image-preview:large, max-video-preview:-1\" \/>\n<link rel=\"canonical\" href=\"https:\/\/123ole.nl\/fr\/event\/peins-les-fleurs-de-tes-reves-2e-edition-en-2026\/\" \/>\n<meta property=\"og:locale\" content=\"fr_FR\" \/>\n<meta property=\"og:type\" content=\"article\" \/>\n<meta property=\"og:title\" content=\"Peins les fleurs de tes r\u00eaves - Can Portell &amp; Mas Ferrer by 123 Ole\" \/>\n<meta property=\"og:description\" content=\"Laissez-vous inspirer par les couleurs, le soleil et la cr\u00e9ativit\u00e9 lors d\u2019une retraite de peinture haute en couleur dans la magnifique Espagne. Nous vous invitons \u00e0 laisser s\u2019\u00e9panouir l\u2019artiste qui sommeille en vous.\" \/>\n<meta property=\"og:url\" content=\"https:\/\/123ole.nl\/fr\/event\/peins-les-fleurs-de-tes-reves-2e-edition-en-2026\/\" \/>\n<meta property=\"og:site_name\" content=\"Can Portell &amp; Mas Ferrer by 123 Ole\" \/>\n<meta property=\"article:modified_time\" content=\"2026-08-16T20:31:39+00:00\" \/>\n<meta property=\"og:image\" content=\"https:\/\/123ole.nl\/wp-content\/uploads\/2026\/06\/Mixed-Media.webp\" \/>\n\t<meta property=\"og:image:width\" content=\"2048\" \/>\n\t<meta property=\"og:image:height\" content=\"2048\" \/>\n\t<meta property=\"og:image:type\" content=\"image\/webp\" \/>\n<meta name=\"twitter:card\" content=\"summary_large_image\" \/>\n<meta name=\"twitter:label1\" content=\"Dur\u00e9e de lecture estim\u00e9e\" \/>\n\t<meta name=\"twitter:data1\" content=\"3 minutes\" \/>\n<script type=\"application\/ld+json\" class=\"yoast-schema-graph\">{\"@context\":\"https:\\\/\\\/schema.org\",\"@graph\":[{\"@type\":\"WebPage\",\"@id\":\"https:\\\/\\\/123ole.nl\\\/fr\\\/event\\\/peins-les-fleurs-de-tes-reves-2e-edition-en-2026\\\/\",\"url\":\"https:\\\/\\\/123ole.nl\\\/fr\\\/event\\\/peins-les-fleurs-de-tes-reves-2e-edition-en-2026\\\/\",\"name\":\"Peins les fleurs de tes r\u00eaves - Can Portell &amp; Mas Ferrer by 123 Ole\",\"isPartOf\":{\"@id\":\"https:\\\/\\\/123ole.nl\\\/fr\\\/#website\"},\"primaryImageOfPage\":{\"@id\":\"https:\\\/\\\/123ole.nl\\\/fr\\\/event\\\/peins-les-fleurs-de-tes-reves-2e-edition-en-2026\\\/#primaryimage\"},\"image\":{\"@id\":\"https:\\\/\\\/123ole.nl\\\/fr\\\/event\\\/peins-les-fleurs-de-tes-reves-2e-edition-en-2026\\\/#primaryimage\"},\"thumbnailUrl\":\"https:\\\/\\\/123ole.nl\\\/wp-content\\\/uploads\\\/2026\\\/06\\\/Mixed-Media.webp\",\"datePublished\":\"2026-06-27T20:29:36+00:00\",\"dateModified\":\"2026-08-16T20:31:39+00:00\",\"description\":\"Laissez-vous inspirer par les couleurs, le soleil et la cr\u00e9ativit\u00e9 lors d\u2019une retraite de peinture haute en couleur dans la magnifique Espagne. Nous vous invitons \u00e0 laisser s\u2019\u00e9panouir l\u2019artiste qui sommeille en vous.\",\"breadcrumb\":{\"@id\":\"https:\\\/\\\/123ole.nl\\\/fr\\\/event\\\/peins-les-fleurs-de-tes-reves-2e-edition-en-2026\\\/#breadcrumb\"},\"inLanguage\":\"fr-FR\",\"potentialAction\":[{\"@type\":\"ReadAction\",\"target\":[\"https:\\\/\\\/123ole.nl\\\/fr\\\/event\\\/peins-les-fleurs-de-tes-reves-2e-edition-en-2026\\\/\"]}]},{\"@type\":\"ImageObject\",\"inLanguage\":\"fr-FR\",\"@id\":\"https:\\\/\\\/123ole.nl\\\/fr\\\/event\\\/peins-les-fleurs-de-tes-reves-2e-edition-en-2026\\\/#primaryimage\",\"url\":\"https:\\\/\\\/123ole.nl\\\/wp-content\\\/uploads\\\/2026\\\/06\\\/Mixed-Media.webp\",\"contentUrl\":\"https:\\\/\\\/123ole.nl\\\/wp-content\\\/uploads\\\/2026\\\/06\\\/Mixed-Media.webp\",\"width\":2048,\"height\":2048},{\"@type\":\"BreadcrumbList\",\"@id\":\"https:\\\/\\\/123ole.nl\\\/fr\\\/event\\\/peins-les-fleurs-de-tes-reves-2e-edition-en-2026\\\/#breadcrumb\",\"itemListElement\":[{\"@type\":\"ListItem\",\"position\":1,\"name\":\"Home\",\"item\":\"https:\\\/\\\/123ole.nl\\\/fr\\\/\"},{\"@type\":\"ListItem\",\"position\":2,\"name\":\"\u00c9v\u00e8nements\",\"item\":\"https:\\\/\\\/123ole.nl\\\/fr\\\/agenda\\\/\"},{\"@type\":\"ListItem\",\"position\":3,\"name\":\"Peins les fleurs de tes r\u00eaves\"}]},{\"@type\":\"WebSite\",\"@id\":\"https:\\\/\\\/123ole.nl\\\/fr\\\/#website\",\"url\":\"https:\\\/\\\/123ole.nl\\\/fr\\\/\",\"name\":\"Can Portell &amp; Mas Ferrer by 123 Ole\",\"description\":\"\",\"publisher\":{\"@id\":\"https:\\\/\\\/123ole.nl\\\/fr\\\/#organization\"},\"potentialAction\":[{\"@type\":\"SearchAction\",\"target\":{\"@type\":\"EntryPoint\",\"urlTemplate\":\"https:\\\/\\\/123ole.nl\\\/fr\\\/?s={search_term_string}\"},\"query-input\":{\"@type\":\"PropertyValueSpecification\",\"valueRequired\":true,\"valueName\":\"search_term_string\"}}],\"inLanguage\":\"fr-FR\"},{\"@type\":\"Organization\",\"@id\":\"https:\\\/\\\/123ole.nl\\\/fr\\\/#organization\",\"name\":\"Can Portell &amp; Mas Ferrer by 123 Ole\",\"url\":\"https:\\\/\\\/123ole.nl\\\/fr\\\/\",\"logo\":{\"@type\":\"ImageObject\",\"inLanguage\":\"fr-FR\",\"@id\":\"https:\\\/\\\/123ole.nl\\\/fr\\\/#\\\/schema\\\/logo\\\/image\\\/\",\"url\":\"https:\\\/\\\/123ole.nl\\\/wp-content\\\/uploads\\\/2025\\\/10\\\/LOGO-canportell-e1765295991819.png\",\"contentUrl\":\"https:\\\/\\\/123ole.nl\\\/wp-content\\\/uploads\\\/2025\\\/10\\\/LOGO-canportell-e1765295991819.png\",\"width\":796,\"height\":393,\"caption\":\"Can Portell &amp; Mas Ferrer by 123 Ole\"},\"image\":{\"@id\":\"https:\\\/\\\/123ole.nl\\\/fr\\\/#\\\/schema\\\/logo\\\/image\\\/\"}}]}<\/script>\n<!-- \/ Yoast SEO plugin. -->","yoast_head_json":{"title":"Peins les fleurs de tes r\u00eaves - Can Portell &amp; Mas Ferrer by 123 Ole","description":"Laissez-vous inspirer par les couleurs, le soleil et la cr\u00e9ativit\u00e9 lors d\u2019une retraite de peinture haute en couleur dans la magnifique Espagne. Nous vous invitons \u00e0 laisser s\u2019\u00e9panouir l\u2019artiste qui sommeille en vous.","robots":{"index":"index","follow":"follow","max-snippet":"max-snippet:-1","max-image-preview":"max-image-preview:large","max-video-preview":"max-video-preview:-1"},"canonical":"https:\/\/123ole.nl\/fr\/event\/peins-les-fleurs-de-tes-reves-2e-edition-en-2026\/","og_locale":"fr_FR","og_type":"article","og_title":"Peins les fleurs de tes r\u00eaves - Can Portell &amp; Mas Ferrer by 123 Ole","og_description":"Laissez-vous inspirer par les couleurs, le soleil et la cr\u00e9ativit\u00e9 lors d\u2019une retraite de peinture haute en couleur dans la magnifique Espagne. Nous vous invitons \u00e0 laisser s\u2019\u00e9panouir l\u2019artiste qui sommeille en vous.","og_url":"https:\/\/123ole.nl\/fr\/event\/peins-les-fleurs-de-tes-reves-2e-edition-en-2026\/","og_site_name":"Can Portell &amp; Mas Ferrer by 123 Ole","article_modified_time":"2026-08-16T20:31:39+00:00","og_image":[{"width":2048,"height":2048,"url":"https:\/\/123ole.nl\/wp-content\/uploads\/2026\/06\/Mixed-Media.webp","type":"image\/webp"}],"twitter_card":"summary_large_image","twitter_misc":{"Dur\u00e9e de lecture estim\u00e9e":"3 minutes"},"schema":{"@context":"https:\/\/schema.org","@graph":[{"@type":"WebPage","@id":"https:\/\/123ole.nl\/fr\/event\/peins-les-fleurs-de-tes-reves-2e-edition-en-2026\/","url":"https:\/\/123ole.nl\/fr\/event\/peins-les-fleurs-de-tes-reves-2e-edition-en-2026\/","name":"Peins les fleurs de tes r\u00eaves - Can Portell &amp; Mas Ferrer by 123 Ole","isPartOf":{"@id":"https:\/\/123ole.nl\/fr\/#website"},"primaryImageOfPage":{"@id":"https:\/\/123ole.nl\/fr\/event\/peins-les-fleurs-de-tes-reves-2e-edition-en-2026\/#primaryimage"},"image":{"@id":"https:\/\/123ole.nl\/fr\/event\/peins-les-fleurs-de-tes-reves-2e-edition-en-2026\/#primaryimage"},"thumbnailUrl":"https:\/\/123ole.nl\/wp-content\/uploads\/2026\/06\/Mixed-Media.webp","datePublished":"2026-06-27T20:29:36+00:00","dateModified":"2026-08-16T20:31:39+00:00","description":"Laissez-vous inspirer par les couleurs, le soleil et la cr\u00e9ativit\u00e9 lors d\u2019une retraite de peinture haute en couleur dans la magnifique Espagne. Nous vous invitons \u00e0 laisser s\u2019\u00e9panouir l\u2019artiste qui sommeille en vous.","breadcrumb":{"@id":"https:\/\/123ole.nl\/fr\/event\/peins-les-fleurs-de-tes-reves-2e-edition-en-2026\/#breadcrumb"},"inLanguage":"fr-FR","potentialAction":[{"@type":"ReadAction","target":["https:\/\/123ole.nl\/fr\/event\/peins-les-fleurs-de-tes-reves-2e-edition-en-2026\/"]}]},{"@type":"ImageObject","inLanguage":"fr-FR","@id":"https:\/\/123ole.nl\/fr\/event\/peins-les-fleurs-de-tes-reves-2e-edition-en-2026\/#primaryimage","url":"https:\/\/123ole.nl\/wp-content\/uploads\/2026\/06\/Mixed-Media.webp","contentUrl":"https:\/\/123ole.nl\/wp-content\/uploads\/2026\/06\/Mixed-Media.webp","width":2048,"height":2048},{"@type":"BreadcrumbList","@id":"https:\/\/123ole.nl\/fr\/event\/peins-les-fleurs-de-tes-reves-2e-edition-en-2026\/#breadcrumb","itemListElement":[{"@type":"ListItem","position":1,"name":"Home","item":"https:\/\/123ole.nl\/fr\/"},{"@type":"ListItem","position":2,"name":"\u00c9v\u00e8nements","item":"https:\/\/123ole.nl\/fr\/agenda\/"},{"@type":"ListItem","position":3,"name":"Peins les fleurs de tes r\u00eaves"}]},{"@type":"WebSite","@id":"https:\/\/123ole.nl\/fr\/#website","url":"https:\/\/123ole.nl\/fr\/","name":"Can Portell &amp; Mas Ferrer by 123 Ole","description":"","publisher":{"@id":"https:\/\/123ole.nl\/fr\/#organization"},"potentialAction":[{"@type":"SearchAction","target":{"@type":"EntryPoint","urlTemplate":"https:\/\/123ole.nl\/fr\/?s={search_term_string}"},"query-input":{"@type":"PropertyValueSpecification","valueRequired":true,"valueName":"search_term_string"}}],"inLanguage":"fr-FR"},{"@type":"Organization","@id":"https:\/\/123ole.nl\/fr\/#organization","name":"Can Portell &amp; Mas Ferrer by 123 Ole","url":"https:\/\/123ole.nl\/fr\/","logo":{"@type":"ImageObject","inLanguage":"fr-FR","@id":"https:\/\/123ole.nl\/fr\/#\/schema\/logo\/image\/","url":"https:\/\/123ole.nl\/wp-content\/uploads\/2025\/10\/LOGO-canportell-e1765295991819.png","contentUrl":"https:\/\/123ole.nl\/wp-content\/uploads\/2025\/10\/LOGO-canportell-e1765295991819.png","width":796,"height":393,"caption":"Can Portell &amp; Mas Ferrer by 123 Ole"},"image":{"@id":"https:\/\/123ole.nl\/fr\/#\/schema\/logo\/image\/"}}]}},"_links":{"self":[{"href":"https:\/\/123ole.nl\/fr\/wp-json\/wp\/v2\/tribe_events\/18937","targetHints":{"allow":["GET"]}}],"collection":[{"href":"https:\/\/123ole.nl\/fr\/wp-json\/wp\/v2\/tribe_events"}],"about":[{"href":"https:\/\/123ole.nl\/fr\/wp-json\/wp\/v2\/types\/tribe_events"}],"author":[{"embeddable":true,"href":"https:\/\/123ole.nl\/fr\/wp-json\/wp\/v2\/users\/3"}],"version-history":[{"count":2,"href":"https:\/\/123ole.nl\/fr\/wp-json\/wp\/v2\/tribe_events\/18937\/revisions"}],"predecessor-version":[{"id":21677,"href":"https:\/\/123ole.nl\/fr\/wp-json\/wp\/v2\/tribe_events\/18937\/revisions\/21677"}],"wp:featuredmedia":[{"embeddable":true,"href":"https:\/\/123ole.nl\/fr\/wp-json\/wp\/v2\/media\/21017"}],"wp:attachment":[{"href":"https:\/\/123ole.nl\/fr\/wp-json\/wp\/v2\/media?parent=18937"}],"wp:term":[{"taxonomy":"post_tag","embeddable":true,"href":"https:\/\/123ole.nl\/fr\/wp-json\/wp\/v2\/tags?post=18937"},{"taxonomy":"tribe_events_cat","embeddable":true,"href":"https:\/\/123ole.nl\/fr\/wp-json\/wp\/v2\/tribe_events_cat?post=18937"}],"curies":[{"name":"wp","href":"https:\/\/api.w.org\/{rel}","templated":true}]}}